{"id":880,"date":"2018-11-14T10:43:24","date_gmt":"2018-11-14T10:43:24","guid":{"rendered":"https:\/\/escenografia.org\/centros-de-arte\/"},"modified":"2019-07-22T18:24:48","modified_gmt":"2019-07-22T18:24:48","slug":"centros-de-arte","status":"publish","type":"page","link":"https:\/\/escenografia.org\/es\/centros-de-arte\/","title":{"rendered":"Centros de Arte"},"content":{"rendered":"<p>[et_pb_section fb_built=\u00bb1&#8243; _builder_version=\u00bb3.22.3&#8243; custom_padding=\u00bb54px|0px|0|0px|false|false\u00bb][et_pb_row custom_padding=\u00bb0px|0px|0|0px|false|false\u00bb custom_margin=\u00bb-55px||\u00bb _builder_version=\u00bb3.25&#8243; width=\u00bb100%\u00bb max_width=\u00bb100%\u00bb use_custom_width=\u00bbon\u00bb width_unit=\u00bboff\u00bb custom_width_percent=\u00bb100%\u00bb][et_pb_column type=\u00bb4_4&#8243; _builder_version=\u00bb3.25&#8243; custom_padding=\u00bb|||\u00bb custom_padding__hover=\u00bb|||\u00bb][et_pb_slider _builder_version=\u00bb3.25.4&#8243; header_font=\u00bb||||||||\u00bb custom_margin=\u00bb0px||0px\u00bb link_option_url=\u00bbhttps:\/\/escenografia.org\/contacte\/\u00bb][et_pb_slide heading=\u00bbCentros de Arte\u00bb button_text=\u00bbContacto\u00bb use_bg_overlay=\u00bbon\u00bb _builder_version=\u00bb3.25.4&#8243; header_font=\u00bb||||||||\u00bb header_line_height=\u00bb2.3em\u00bb background_image=\u00bbhttps:\/\/escenografia.org\/wp-content\/uploads\/2019\/07\/SSALVADOR-219-id732-1x.jpg\u00bb custom_padding=\u00bb85px||60px\u00bb][\/et_pb_slide][\/et_pb_slider][\/et_pb_column][\/et_pb_row][et_pb_row custom_padding=\u00bb0px|0px|57px|0px|false|false\u00bb custom_margin=\u00bb-5px|auto|-5px|auto|true|\u00bb _builder_version=\u00bb3.25&#8243; width=\u00bb100%\u00bb max_width=\u00bb100%\u00bb use_custom_width=\u00bbon\u00bb width_unit=\u00bboff\u00bb custom_width_percent=\u00bb100%\u00bb][et_pb_column type=\u00bb4_4&#8243; _builder_version=\u00bb3.25&#8243; custom_padding=\u00bb|||\u00bb custom_padding__hover=\u00bb|||\u00bb][et_pb_text _builder_version=\u00bb3.26.3&#8243; text_font=\u00bb||||||||\u00bb text_text_align=\u00bbcenter\u00bb text_text_color=\u00bb#aaaaaa\u00bb text_font_size=\u00bb15px\u00bb header_font=\u00bb||||||||\u00bb background_color=\u00bb#933f1d\u00bb custom_margin=\u00bb-2px||40px|||\u00bb custom_padding=\u00bb15px||15px||true\u00bb filter_saturate=\u00bb92%\u00bb filter_brightness=\u00bb105%\u00bb text_font_size_tablet=\u00bb14px\u00bb text_font_size_phone=\u00bb13px\u00bb text_font_size_last_edited=\u00bbon|desktop\u00bb]<\/p>\n<p><strong> <span style=\"color: #c1c1c1;\"> <\/span><\/strong><strong><span style=\"color: #cecece;\">MUSEOGRAFIA ,<\/span>\u00a0 <\/strong><span style=\"color: #cecece;\"><b>Pavell\u00f3 de St. Salvador,\u00a0 \u00a0Hospital de la Sta. Creu i St. Pau<\/b>\u00a0 \u00a0\u00a0<\/span><strong><span>Espacio expositivo:<\/span><\/strong>\u00a0 IGNASI CRISTI\u00c0\u00a0 \u00a0\u00a0<span style=\"color: #c1c1c1;\"><strong>Fotograf\u00eda:\u00a0\u00a0<\/strong>Pepo Segura i Robert Ramos<\/span><\/p>\n<p>[\/et_pb_text][\/et_pb_column][\/et_pb_row][\/et_pb_section][et_pb_section fb_built=\u00bb1&#8243; _builder_version=\u00bb3.22.3&#8243; custom_padding=\u00bb49px|0px|54px|0px|false|false\u00bb][et_pb_row _builder_version=\u00bb3.25&#8243; background_size=\u00bbinitial\u00bb background_position=\u00bbtop_left\u00bb background_repeat=\u00bbrepeat\u00bb][et_pb_column type=\u00bb4_4&#8243; _builder_version=\u00bb3.25&#8243; custom_padding=\u00bb|||\u00bb custom_padding__hover=\u00bb|||\u00bb][et_pb_text _builder_version=\u00bb3.26.3&#8243;]<\/p>\n<h2>Centros de Arte<\/h2>\n<p>&nbsp;<\/p>\n<p><a href=\"http:\/\/www.cccb.org\/es\/\" target=\"_blank\" rel=\"noopener noreferrer\">CCCB &#8211; Centro de Cultura Contempor\u00e1nea de Barcelona<\/a><br \/> Situado en la antigua Casa de la Caridad del siglo XVIII y destaca el Pati de les Dones. A lo largo del a\u00f1o, acoge m\u00faltiples exposiciones de arte y cultura contempor\u00e1nea, as\u00ed como festivales de m\u00fasica, cine, documentalismo, literatura y nuevas pr\u00e1cticas art\u00edsticas.<\/p>\n<p><a href=\"https:\/\/obrasociallacaixa.org\/es\/cultura\/caixaforum-barcelona\/que-hacemos\" target=\"_blank\" rel=\"noopener noreferrer\">CaixaForum &#8211; Barcelona<\/a><br \/> Situada en la Casa Ramona, antigua f\u00e1brica moderista del arquitecto Puig I Cadafalch. Es un centro de exposiciones contempor\u00e1neo, moderno y antiguo.<\/p>\n<p><a href=\"https:\/\/www.macba.cat\/\" target=\"_blank\" rel=\"noopener noreferrer\">MACBA &#8211; Museo de Arte Contempor\u00e1neo de Barcelona<\/a><br \/> El MACBA cuenta con una de las mejores colecciones de arte contempor\u00e1neo catal\u00e1n y, seg\u00fan la l\u00ednea de su antiguo director, Manuel Borja-Villel (1998-2007), ha apostado por un discurso pol\u00edtico del arte que se refleja en las numerosas exposiciones temporales que se organizan.<\/p>\n<p><a href=\"http:\/\/www.museunacional.cat\/ca\" target=\"_blank\" rel=\"noopener noreferrer\">MNAC &#8211; Museo Nacional de Catalu\u00f1a<\/a><br \/> El MNAC es el museo de arte m\u00e1s importante de Catalu\u00f1a. Cuenta con una colecci\u00f3n de arte rom\u00e1nico, g\u00f3tico, noucentista y modernista de renombre internacional.<br \/> Se encuentra en el Palacio Nacional, un edificio que fue construido con motivo de la Exposici\u00f3n Internacional de Barcelona de 1929, que se encuentra en la monta\u00f1a de Montju\u00efc.<\/p>\n<p>[\/et_pb_text][\/et_pb_column][\/et_pb_row][\/et_pb_section][et_pb_section fb_built=\u00bb1&#8243; _builder_version=\u00bb3.22&#8243; background_color=\u00bb#171717&#8243; saved_tabs=\u00bball\u00bb global_module=\u00bb1276&#8243;][et_pb_row column_structure=\u00bb1_3,1_3,1_3&#8243; _builder_version=\u00bb3.25&#8243;][et_pb_column type=\u00bb1_3&#8243; _builder_version=\u00bb3.25&#8243; custom_padding=\u00bb|||\u00bb custom_padding__hover=\u00bb|||\u00bb][et_pb_text _builder_version=\u00bb3.25.4&#8243; header_2_font=\u00bb|800|||||||\u00bb header_2_text_color=\u00bb#424242&#8243;]<\/p>\n<h2>Ubicaci\u00f3n<\/h2>\n<p>[\/et_pb_text][et_pb_text _builder_version=\u00bb3.25.4&#8243; text_font=\u00bb||||||||\u00bb text_text_color=\u00bb#828282&#8243;]<\/p>\n<p>Teatre LLiure.<br \/>Plaza Margarita Xirgu, 1-08004-Barcelona<\/p>\n<p>&nbsp;<\/p>\n<p>[\/et_pb_text][et_pb_text _builder_version=\u00bb3.25.4&#8243; custom_margin=\u00bb-15px||\u00bb]<\/p>\n<p><span style=\"color: #808080;\">Con la colaboraci\u00f3n del Teatre Lliure<\/span><\/p>\n<p>[\/et_pb_text][et_pb_image src=\u00bbhttps:\/\/escenografia.org\/wp-content\/uploads\/2019\/07\/Teatre-Lliure.png\u00bb _builder_version=\u00bb3.25.4&#8243; custom_margin=\u00bb-20px||\u00bb][\/et_pb_image][\/et_pb_column][et_pb_column type=\u00bb1_3&#8243; _builder_version=\u00bb3.25&#8243; custom_padding=\u00bb|||\u00bb custom_padding__hover=\u00bb|||\u00bb][et_pb_text _builder_version=\u00bb3.17.6&#8243; header_2_font=\u00bb|800|||||||\u00bb header_2_text_color=\u00bb#424242&#8243;]<\/p>\n<h2>cont\u00e1ctenos<\/h2>\n<p>[\/et_pb_text][et_pb_blurb use_icon=\u00bbon\u00bb font_icon=\u00bb%%264%%\u00bb icon_color=\u00bb#6d6d6d\u00bb icon_placement=\u00bbleft\u00bb use_icon_font_size=\u00bbon\u00bb icon_font_size=\u00bb22px\u00bb _builder_version=\u00bb3.25.4&#8243; body_font=\u00bb||||||||\u00bb body_text_color=\u00bb#828282&#8243;]<\/p>\n<p><strong>Tel\u00e9fono<span> <\/span>:<\/strong> <span>+ 34 93 289 27 70<\/span> <\/p>\n<p>[\/et_pb_blurb][et_pb_blurb use_icon=\u00bbon\u00bb font_icon=\u00bb%%109%%\u00bb icon_color=\u00bb#6d6d6d\u00bb icon_placement=\u00bbleft\u00bb use_icon_font_size=\u00bbon\u00bb icon_font_size=\u00bb22px\u00bb _builder_version=\u00bb3.25.4&#8243; body_font=\u00bb||||||||\u00bb body_text_color=\u00bb#828282&#8243;]<\/p>\n<p><strong>Email:<span> <\/span><\/strong> <span style=\"color: #808080;\"><a href=\"mailto:escenografs@gmail.com\" style=\"color: #808080;\">escenografs@gmail.com<\/a><\/span><\/p>\n<p>[\/et_pb_blurb][\/et_pb_column][et_pb_column type=\u00bb1_3&#8243; _builder_version=\u00bb3.25&#8243; custom_padding=\u00bb|||\u00bb custom_padding__hover=\u00bb|||\u00bb][et_pb_text _builder_version=\u00bb3.26.3&#8243; header_2_font=\u00bb|800|||||||\u00bb header_2_text_color=\u00bb#424242&#8243;]<\/p>\n<h2>ZONA SOCIOS<\/h2>\n<p>[\/et_pb_text][et_pb_button button_url=\u00bbhttps:\/\/escenografia.org\/es\/zona-de-socios\/\u00bb button_text=\u00bbENTRAR\u00bb _builder_version=\u00bb3.26.3&#8243;][\/et_pb_button][\/et_pb_column][\/et_pb_row][\/et_pb_section]<\/p>\n","protected":false},"excerpt":{"rendered":"<p>MUSEOGRAFIA ,\u00a0 Pavell\u00f3 de St. Salvador,\u00a0 \u00a0Hospital de la Sta. Creu i St. Pau\u00a0 \u00a0\u00a0Espacio expositivo:\u00a0 IGNASI CRISTI\u00c0\u00a0 \u00a0\u00a0Fotograf\u00eda:\u00a0\u00a0Pepo Segura i Robert RamosCentros de Arte &nbsp; CCCB &#8211; Centro de Cultura Contempor\u00e1nea de Barcelona Situado en la antigua Casa de la Caridad del siglo XVIII y destaca el Pati de les Dones. A lo largo [&hellip;]<\/p>\n","protected":false},"author":1,"featured_media":0,"parent":0,"menu_order":0,"comment_status":"closed","ping_status":"closed","template":"","meta":{"_et_pb_use_builder":"on","_et_pb_old_content":"","_et_gb_content_width":"","footnotes":""},"class_list":["post-880","page","type-page","status-publish","hentry"],"yoast_head":"<!-- This site is optimized with the Yoast SEO plugin v26.9 - https:\/\/yoast.com\/product\/yoast-seo-wordpress\/ -->\n<title>Centros de Arte - Associaci\u00f3 d\u00b4Escen\u00f2grafs de Catalunya<\/title>\n<meta name=\"robots\" content=\"index, follow, max-snippet:-1, max-image-preview:large, max-video-preview:-1\" \/>\n<link rel=\"canonical\" href=\"https:\/\/escenografia.org\/centres-dart\/\" \/>\n<meta property=\"og:locale\" content=\"es_ES\" \/>\n<meta property=\"og:type\" content=\"article\" \/>\n<meta property=\"og:title\" content=\"Centros de Arte - Associaci\u00f3 d\u00b4Escen\u00f2grafs de Catalunya\" \/>\n<meta property=\"og:description\" content=\"MUSEOGRAFIA ,\u00a0 Pavell\u00f3 de St. Salvador,\u00a0 \u00a0Hospital de la Sta. Creu i St. Pau\u00a0 \u00a0\u00a0Espacio expositivo:\u00a0 IGNASI CRISTI\u00c0\u00a0 \u00a0\u00a0Fotograf\u00eda:\u00a0\u00a0Pepo Segura i Robert RamosCentros de Arte &nbsp; CCCB - Centro de Cultura Contempor\u00e1nea de Barcelona Situado en la antigua Casa de la Caridad del siglo XVIII y destaca el Pati de les Dones. A lo largo [&hellip;]\" \/>\n<meta property=\"og:url\" content=\"https:\/\/escenografia.org\/centres-dart\/\" \/>\n<meta property=\"og:site_name\" content=\"Associaci\u00f3 d\u00b4Escen\u00f2grafs de Catalunya\" \/>\n<meta property=\"article:modified_time\" content=\"2019-07-22T18:24:48+00:00\" \/>\n<meta name=\"twitter:card\" content=\"summary_large_image\" \/>\n<meta name=\"twitter:label1\" content=\"Tiempo de lectura\" \/>\n\t<meta name=\"twitter:data1\" content=\"4 minutos\" \/>\n<script type=\"application\/ld+json\" class=\"yoast-schema-graph\">{\"@context\":\"https:\/\/schema.org\",\"@graph\":[{\"@type\":\"WebPage\",\"@id\":\"https:\/\/escenografia.org\/centres-dart\/\",\"url\":\"https:\/\/escenografia.org\/centres-dart\/\",\"name\":\"Centros de Arte - Associaci\u00f3 d\u00b4Escen\u00f2grafs de Catalunya\",\"isPartOf\":{\"@id\":\"https:\/\/escenografia.org\/#website\"},\"datePublished\":\"2018-11-14T10:43:24+00:00\",\"dateModified\":\"2019-07-22T18:24:48+00:00\",\"breadcrumb\":{\"@id\":\"https:\/\/escenografia.org\/centres-dart\/#breadcrumb\"},\"inLanguage\":\"es\",\"potentialAction\":[{\"@type\":\"ReadAction\",\"target\":[\"https:\/\/escenografia.org\/centres-dart\/\"]}]},{\"@type\":\"BreadcrumbList\",\"@id\":\"https:\/\/escenografia.org\/centres-dart\/#breadcrumb\",\"itemListElement\":[{\"@type\":\"ListItem\",\"position\":1,\"name\":\"Portada\",\"item\":\"https:\/\/escenografia.org\/es\/\"},{\"@type\":\"ListItem\",\"position\":2,\"name\":\"Centros de Arte\"}]},{\"@type\":\"WebSite\",\"@id\":\"https:\/\/escenografia.org\/#website\",\"url\":\"https:\/\/escenografia.org\/\",\"name\":\"Associaci\u00f3 d\u00b4Escen\u00f2grafs de Catalunya\",\"description\":\"\",\"potentialAction\":[{\"@type\":\"SearchAction\",\"target\":{\"@type\":\"EntryPoint\",\"urlTemplate\":\"https:\/\/escenografia.org\/?s={search_term_string}\"},\"query-input\":{\"@type\":\"PropertyValueSpecification\",\"valueRequired\":true,\"valueName\":\"search_term_string\"}}],\"inLanguage\":\"es\"}]}<\/script>\n<!-- \/ Yoast SEO plugin. -->","yoast_head_json":{"title":"Centros de Arte - Associaci\u00f3 d\u00b4Escen\u00f2grafs de Catalunya","robots":{"index":"index","follow":"follow","max-snippet":"max-snippet:-1","max-image-preview":"max-image-preview:large","max-video-preview":"max-video-preview:-1"},"canonical":"https:\/\/escenografia.org\/centres-dart\/","og_locale":"es_ES","og_type":"article","og_title":"Centros de Arte - Associaci\u00f3 d\u00b4Escen\u00f2grafs de Catalunya","og_description":"MUSEOGRAFIA ,\u00a0 Pavell\u00f3 de St. Salvador,\u00a0 \u00a0Hospital de la Sta. Creu i St. Pau\u00a0 \u00a0\u00a0Espacio expositivo:\u00a0 IGNASI CRISTI\u00c0\u00a0 \u00a0\u00a0Fotograf\u00eda:\u00a0\u00a0Pepo Segura i Robert RamosCentros de Arte &nbsp; CCCB - Centro de Cultura Contempor\u00e1nea de Barcelona Situado en la antigua Casa de la Caridad del siglo XVIII y destaca el Pati de les Dones. A lo largo [&hellip;]","og_url":"https:\/\/escenografia.org\/centres-dart\/","og_site_name":"Associaci\u00f3 d\u00b4Escen\u00f2grafs de Catalunya","article_modified_time":"2019-07-22T18:24:48+00:00","twitter_card":"summary_large_image","twitter_misc":{"Tiempo de lectura":"4 minutos"},"schema":{"@context":"https:\/\/schema.org","@graph":[{"@type":"WebPage","@id":"https:\/\/escenografia.org\/centres-dart\/","url":"https:\/\/escenografia.org\/centres-dart\/","name":"Centros de Arte - Associaci\u00f3 d\u00b4Escen\u00f2grafs de Catalunya","isPartOf":{"@id":"https:\/\/escenografia.org\/#website"},"datePublished":"2018-11-14T10:43:24+00:00","dateModified":"2019-07-22T18:24:48+00:00","breadcrumb":{"@id":"https:\/\/escenografia.org\/centres-dart\/#breadcrumb"},"inLanguage":"es","potentialAction":[{"@type":"ReadAction","target":["https:\/\/escenografia.org\/centres-dart\/"]}]},{"@type":"BreadcrumbList","@id":"https:\/\/escenografia.org\/centres-dart\/#breadcrumb","itemListElement":[{"@type":"ListItem","position":1,"name":"Portada","item":"https:\/\/escenografia.org\/es\/"},{"@type":"ListItem","position":2,"name":"Centros de Arte"}]},{"@type":"WebSite","@id":"https:\/\/escenografia.org\/#website","url":"https:\/\/escenografia.org\/","name":"Associaci\u00f3 d\u00b4Escen\u00f2grafs de Catalunya","description":"","potentialAction":[{"@type":"SearchAction","target":{"@type":"EntryPoint","urlTemplate":"https:\/\/escenografia.org\/?s={search_term_string}"},"query-input":{"@type":"PropertyValueSpecification","valueRequired":true,"valueName":"search_term_string"}}],"inLanguage":"es"}]}},"_links":{"self":[{"href":"https:\/\/escenografia.org\/es\/wp-json\/wp\/v2\/pages\/880","targetHints":{"allow":["GET"]}}],"collection":[{"href":"https:\/\/escenografia.org\/es\/wp-json\/wp\/v2\/pages"}],"about":[{"href":"https:\/\/escenografia.org\/es\/wp-json\/wp\/v2\/types\/page"}],"author":[{"embeddable":true,"href":"https:\/\/escenografia.org\/es\/wp-json\/wp\/v2\/users\/1"}],"replies":[{"embeddable":true,"href":"https:\/\/escenografia.org\/es\/wp-json\/wp\/v2\/comments?post=880"}],"version-history":[{"count":0,"href":"https:\/\/escenografia.org\/es\/wp-json\/wp\/v2\/pages\/880\/revisions"}],"wp:attachment":[{"href":"https:\/\/escenografia.org\/es\/wp-json\/wp\/v2\/media?parent=880"}],"curies":[{"name":"wp","href":"https:\/\/api.w.org\/{rel}","templated":true}]}}